{"id":149,"date":"2024-07-24T18:21:20","date_gmt":"2024-07-24T18:21:20","guid":{"rendered":"https:\/\/www.eckertkom.de\/?page_id=149"},"modified":"2024-07-24T18:29:15","modified_gmt":"2024-07-24T18:29:15","slug":"datenschutz","status":"publish","type":"page","link":"https:\/\/www.eckertkom.de\/?page_id=149","title":{"rendered":"Datenschutz"},"content":{"rendered":"\n<h1 class=\"wp-block-heading\">Datenschutzerkl\u00e4rung<\/h1>\n\n\n\n<p>Stand: 24. Juli 2024<\/p>\n\n\n\n<h2 class=\"wp-block-heading\">Inhalts\u00fcbersicht<\/h2>\n\n\n\n<ul class=\"wp-block-list\">\n<li><a href=\"#m3\">Verantwortlicher<\/a><\/li>\n\n\n\n<li><a href=\"#mOverview\">\u00dcbersicht der Verarbeitungen<\/a><\/li>\n\n\n\n<li><a href=\"#m2427\">Ma\u00dfgebliche Rechtsgrundlagen<\/a><\/li>\n\n\n\n<li><a href=\"#m27\">Sicherheitsma\u00dfnahmen<\/a><\/li>\n\n\n\n<li><a href=\"#m25\">\u00dcbermittlung von personenbezogenen Daten<\/a><\/li>\n\n\n\n<li><a href=\"#m24\">Internationale Datentransfers<\/a><\/li>\n\n\n\n<li><a href=\"#m12\">Allgemeine Informationen zur Datenspeicherung und L\u00f6schung<\/a><\/li>\n\n\n\n<li><a href=\"#m10\">Rechte der betroffenen Personen<\/a><\/li>\n\n\n\n<li><a href=\"#m317\">Gesch\u00e4ftliche Leistungen<\/a><\/li>\n\n\n\n<li><a href=\"#m225\">Bereitstellung des Onlineangebots und Webhosting<\/a><\/li>\n\n\n\n<li><a href=\"#m134\">Einsatz von Cookies<\/a><\/li>\n\n\n\n<li><a href=\"#m182\">Kontakt- und Anfrageverwaltung<\/a><\/li>\n\n\n\n<li><a href=\"#m391\">Kommunikation via Messenger<\/a><\/li>\n\n\n\n<li><a href=\"#m17\">Newsletter und elektronische Benachrichtigungen<\/a><\/li>\n\n\n\n<li><a href=\"#m237\">Gewinnspiele und Wettbewerbe<\/a><\/li>\n<\/ul>\n\n\n\n<h2 class=\"wp-block-heading\" id=\"m3\">Verantwortlicher<\/h2>\n\n\n\n<p>Marvin Eckert<br>Hornbosteler Stra\u00dfe 9<br>29308 Winsen Aller<\/p>\n\n\n\n<p>Vertretungsberechtigte Personen: Marvin Eckert<\/p>\n\n\n\n<p>E-Mail-Adresse: m.eckertkom@gmail.com<\/p>\n\n\n\n<p>Impressum: <a href=\"https:\/\/www.eckertkom.de\/?page_id=146\" target=\"_blank\" rel=\"noreferrer noopener\">https:\/\/www.eckertkom.de\/?page_id=146<\/a><\/p>\n\n\n\n<h2 class=\"wp-block-heading\" id=\"mOverview\">\u00dcbersicht der Verarbeitungen<\/h2>\n\n\n\n<p>Die nachfolgende \u00dcbersicht fasst die Arten der verarbeiteten Daten und die Zwecke ihrer Verarbeitung zusammen und verweist auf die betroffenen Personen.<\/p>\n\n\n\n<h3 class=\"wp-block-heading\">Arten der verarbeiteten Daten<\/h3>\n\n\n\n<ul class=\"wp-block-list\">\n<li>Bestandsdaten.<\/li>\n\n\n\n<li>Zahlungsdaten.<\/li>\n\n\n\n<li>Kontaktdaten.<\/li>\n\n\n\n<li>Inhaltsdaten.<\/li>\n\n\n\n<li>Vertragsdaten.<\/li>\n\n\n\n<li>Nutzungsdaten.<\/li>\n\n\n\n<li>Meta-, Kommunikations- und Verfahrensdaten.<\/li>\n\n\n\n<li>Protokolldaten.<\/li>\n<\/ul>\n\n\n\n<h3 class=\"wp-block-heading\">Kategorien betroffener Personen<\/h3>\n\n\n\n<ul class=\"wp-block-list\">\n<li>Leistungsempf\u00e4nger und Auftraggeber.<\/li>\n\n\n\n<li>Interessenten.<\/li>\n\n\n\n<li>Kommunikationspartner.<\/li>\n\n\n\n<li>Nutzer.<\/li>\n\n\n\n<li>Gewinnspiel- und Wettbewerbsteilnehmer.<\/li>\n\n\n\n<li>Gesch\u00e4fts- und Vertragspartner.<\/li>\n<\/ul>\n\n\n\n<h3 class=\"wp-block-heading\">Zwecke der Verarbeitung<\/h3>\n\n\n\n<ul class=\"wp-block-list\">\n<li>Erbringung vertraglicher Leistungen und Erf\u00fcllung vertraglicher Pflichten.<\/li>\n\n\n\n<li>Kommunikation.<\/li>\n\n\n\n<li>Sicherheitsma\u00dfnahmen.<\/li>\n\n\n\n<li>Direktmarketing.<\/li>\n\n\n\n<li>B\u00fcro- und Organisationsverfahren.<\/li>\n\n\n\n<li>Organisations- und Verwaltungsverfahren.<\/li>\n\n\n\n<li>Durchf\u00fchrung von Gewinnspielen und Wettbewerben.<\/li>\n\n\n\n<li>Feedback.<\/li>\n\n\n\n<li>Bereitstellung unseres Onlineangebotes und Nutzerfreundlichkeit.<\/li>\n\n\n\n<li>Informationstechnische Infrastruktur.<\/li>\n\n\n\n<li>Gesch\u00e4ftsprozesse und betriebswirtschaftliche Verfahren.<\/li>\n<\/ul>\n\n\n\n<h2 class=\"wp-block-heading\" id=\"m2427\">Ma\u00dfgebliche Rechtsgrundlagen<\/h2>\n\n\n\n<p><strong>Ma\u00dfgebliche Rechtsgrundlagen nach der DSGVO: <\/strong>Im Folgenden erhalten Sie eine \u00dcbersicht der Rechtsgrundlagen der DSGVO, auf deren Basis wir personenbezogene Daten verarbeiten. Bitte nehmen Sie zur Kenntnis, dass neben den Regelungen der DSGVO nationale Datenschutzvorgaben in Ihrem bzw. unserem Wohn- oder Sitzland gelten k\u00f6nnen. Sollten ferner im Einzelfall speziellere Rechtsgrundlagen ma\u00dfgeblich sein, teilen wir Ihnen diese in der Datenschutzerkl\u00e4rung mit.<\/p>\n\n\n\n<ul class=\"wp-block-list\">\n<li><strong>Einwilligung (Art. 6 Abs. 1 S. 1 lit. a) DSGVO)<\/strong> &#8211; Die betroffene Person hat ihre Einwilligung in die Verarbeitung der sie betreffenden personenbezogenen Daten f\u00fcr einen spezifischen Zweck oder mehrere bestimmte Zwecke gegeben.<\/li>\n\n\n\n<li><strong>Vertragserf\u00fcllung und vorvertragliche Anfragen (Art. 6 Abs. 1 S. 1 lit. b) DSGVO)<\/strong> &#8211; Die Verarbeitung ist f\u00fcr die Erf\u00fcllung eines Vertrags, dessen Vertragspartei die betroffene Person ist, oder zur Durchf\u00fchrung vorvertraglicher Ma\u00dfnahmen erforderlich, die auf Anfrage der betroffenen Person erfolgen.<\/li>\n\n\n\n<li><strong>Rechtliche Verpflichtung (Art. 6 Abs. 1 S. 1 lit. c) DSGVO)<\/strong> &#8211; Die Verarbeitung ist zur Erf\u00fcllung einer rechtlichen Verpflichtung erforderlich, der der Verantwortliche unterliegt.<\/li>\n\n\n\n<li><strong>Berechtigte Interessen (Art. 6 Abs. 1 S. 1 lit. f) DSGVO)<\/strong> &#8211; die Verarbeitung ist zur Wahrung der berechtigten Interessen des Verantwortlichen oder eines Dritten notwendig, vorausgesetzt, dass die Interessen, Grundrechte und Grundfreiheiten der betroffenen Person, die den Schutz personenbezogener Daten verlangen, nicht \u00fcberwiegen.<\/li>\n<\/ul>\n\n\n\n<p><strong>Nationale Datenschutzregelungen in Deutschland: <\/strong>Zus\u00e4tzlich zu den Datenschutzregelungen der DSGVO gelten nationale Regelungen zum Datenschutz in Deutschland. Hierzu geh\u00f6rt insbesondere das Gesetz zum Schutz vor Missbrauch personenbezogener Daten bei der Datenverarbeitung (Bundesdatenschutzgesetz \u2013 BDSG). Das BDSG enth\u00e4lt insbesondere Spezialregelungen zum Recht auf Auskunft, zum Recht auf L\u00f6schung, zum Widerspruchsrecht, zur Verarbeitung besonderer Kategorien personenbezogener Daten, zur Verarbeitung f\u00fcr andere Zwecke und zur \u00dcbermittlung sowie automatisierten Entscheidungsfindung im Einzelfall einschlie\u00dflich Profiling. Ferner k\u00f6nnen Landesdatenschutzgesetze der einzelnen Bundesl\u00e4nder zur Anwendung gelangen.<\/p>\n\n\n\n<p><strong>Hinweis auf Geltung DSGVO und Schweizer DSG: <\/strong>Diese Datenschutzhinweise dienen sowohl der Informationserteilung nach dem Schweizer DSG als auch nach der Datenschutzgrundverordnung (DSGVO). Aus diesem Grund bitten wir Sie zu beachten, dass aufgrund der breiteren r\u00e4umlichen Anwendung und Verst\u00e4ndlichkeit die Begriffe der DSGVO verwendet werden. Insbesondere statt der im Schweizer DSG verwendeten Begriffe \u201eBearbeitung&#187; von \u201ePersonendaten&#187;, &#171;\u00fcberwiegendes Interesse&#187; und &#171;besonders sch\u00fctzenswerte Personendaten&#187; werden die in der DSGVO verwendeten Begriffe \u201eVerarbeitung&#187; von \u201epersonenbezogenen Daten&#187; sowie &#171;berechtigtes Interesse&#187; und &#171;besondere Kategorien von Daten&#187; verwendet. Die gesetzliche Bedeutung der Begriffe wird jedoch im Rahmen der Geltung des Schweizer DSG weiterhin nach dem Schweizer DSG bestimmt.<\/p>\n\n\n\n<h2 class=\"wp-block-heading\" id=\"m27\">Sicherheitsma\u00dfnahmen<\/h2>\n\n\n\n<p>Wir treffen nach Ma\u00dfgabe der gesetzlichen Vorgaben unter Ber\u00fccksichtigung des Stands der Technik, der Implementierungskosten und der Art, des Umfangs, der Umst\u00e4nde und der Zwecke der Verarbeitung sowie der unterschiedlichen Eintrittswahrscheinlichkeiten und des Ausma\u00dfes der Bedrohung der Rechte und Freiheiten nat\u00fcrlicher Personen geeignete technische und organisatorische Ma\u00dfnahmen, um ein dem Risiko angemessenes Schutzniveau zu gew\u00e4hrleisten.<\/p>\n\n\n\n<p>Zu den Ma\u00dfnahmen geh\u00f6ren insbesondere die Sicherung der Vertraulichkeit, Integrit\u00e4t und Verf\u00fcgbarkeit von Daten durch Kontrolle des physischen und elektronischen Zugangs zu den Daten als auch des sie betreffenden Zugriffs, der Eingabe, der Weitergabe, der Sicherung der Verf\u00fcgbarkeit und ihrer Trennung. Des Weiteren haben wir Verfahren eingerichtet, die eine Wahrnehmung von Betroffenenrechten, die L\u00f6schung von Daten und Reaktionen auf die Gef\u00e4hrdung der Daten gew\u00e4hrleisten. Ferner ber\u00fccksichtigen wir den Schutz personenbezogener Daten bereits bei der Entwicklung bzw. Auswahl von Hardware, Software sowie Verfahren entsprechend dem Prinzip des Datenschutzes, durch Technikgestaltung und durch datenschutzfreundliche Voreinstellungen.<\/p>\n\n\n\n<h2 class=\"wp-block-heading\" id=\"m25\">\u00dcbermittlung von personenbezogenen Daten<\/h2>\n\n\n\n<p>Im Rahmen unserer Verarbeitung von personenbezogenen Daten kommt es vor, dass diese an andere Stellen, Unternehmen, rechtlich selbstst\u00e4ndige Organisationseinheiten oder Personen \u00fcbermittelt beziehungsweise ihnen gegen\u00fcber offengelegt werden. Zu den Empf\u00e4ngern dieser Daten k\u00f6nnen z.\u00a0B. mit IT-Aufgaben beauftragte Dienstleister geh\u00f6ren oder Anbieter von Diensten und Inhalten, die in eine Website eingebunden sind. In solchen F\u00e4llen beachten wir die gesetzlichen Vorgaben und schlie\u00dfen insbesondere entsprechende Vertr\u00e4ge bzw. Vereinbarungen, die dem Schutz Ihrer Daten dienen, mit den Empf\u00e4ngern Ihrer Daten ab.<\/p>\n\n\n\n<h2 class=\"wp-block-heading\" id=\"m24\">Internationale Datentransfers<\/h2>\n\n\n\n<p>Datenverarbeitung in Drittl\u00e4ndern: Sofern wir Daten in einem Drittland (d.\u00a0h., au\u00dferhalb der Europ\u00e4ischen Union (EU), des Europ\u00e4ischen Wirtschaftsraums (EWR)) verarbeiten oder die Verarbeitung im Rahmen der Inanspruchnahme von Diensten Dritter oder der Offenlegung bzw. \u00dcbermittlung von Daten an andere Personen, Stellen oder Unternehmen stattfindet, erfolgt dies nur im Einklang mit den gesetzlichen Vorgaben. Sofern das Datenschutzniveau in dem Drittland mittels eines Angemessenheitsbeschlusses anerkannt wurde (Art. 45 DSGVO), dient dieser als Grundlage des Datentransfers. Im \u00dcbrigen erfolgen Datentransfers nur dann, wenn das Datenschutzniveau anderweitig gesichert ist, insbesondere durch Standardvertragsklauseln (Art. 46 Abs. 2 lit. c) DSGVO), ausdr\u00fcckliche Einwilligung oder im Fall vertraglicher oder gesetzlich erforderlicher \u00dcbermittlung (Art. 49 Abs. 1 DSGVO). Im \u00dcbrigen teilen wir Ihnen die Grundlagen der Drittland\u00fcbermittlung bei den einzelnen Anbietern aus dem Drittland mit, wobei die Angemessenheitsbeschl\u00fcsse als Grundlagen vorrangig gelten. Informationen zu Drittlandtransfers und vorliegenden Angemessenheitsbeschl\u00fcssen k\u00f6nnen dem Informationsangebot der EU-Kommission entnommen werden: <a href=\"https:\/\/commission.europa.eu\/law\/law-topic\/data-protection\/international-dimension-data-protection_en?prefLang=de\" target=\"_blank\" rel=\"noreferrer noopener\">https:\/\/commission.europa.eu\/law\/law-topic\/data-protection\/international-dimension-data-protection_en?prefLang=de.<\/a><\/p>\n\n\n\n<p>EU-US Trans-Atlantic Data Privacy Framework: Im Rahmen des sogenannten \u201eData Privacy Framework&#187; (DPF) hat die EU-Kommission das Datenschutzniveau ebenfalls f\u00fcr bestimmte Unternehmen aus den USA im Rahmen der Angemessenheitsbeschlusses vom 10.07.2023 als sicher anerkannt. Die Liste der zertifizierten Unternehmen als auch weitere Informationen zu dem DPF k\u00f6nnen Sie der Website des Handelsministeriums der USA unter <a href=\"https:\/\/www.dataprivacyframework.gov\/\" target=\"_blank\" rel=\"noreferrer noopener\">https:\/\/www.dataprivacyframework.gov\/<\/a> (in Englisch) entnehmen. Wir informieren Sie im Rahmen der Datenschutzhinweise, welche von uns eingesetzten Diensteanbieter unter dem Data Privacy Framework zertifiziert sind.<\/p>\n\n\n\n<h2 class=\"wp-block-heading\" id=\"m12\">Allgemeine Informationen zur Datenspeicherung und L\u00f6schung<\/h2>\n\n\n\n<p>Wir l\u00f6schen personenbezogene Daten, die wir verarbeiten, gem\u00e4\u00df den gesetzlichen Bestimmungen, sobald die zugrundeliegenden Einwilligungen widerrufen werden oder keine weiteren rechtlichen Grundlagen f\u00fcr die Verarbeitung bestehen. Dies betrifft F\u00e4lle, in denen der urspr\u00fcngliche Verarbeitungszweck entf\u00e4llt oder die Daten nicht mehr ben\u00f6tigt werden. Ausnahmen von dieser Regelung bestehen, wenn gesetzliche Pflichten oder besondere Interessen eine l\u00e4ngere Aufbewahrung oder Archivierung der Daten erfordern.<\/p>\n\n\n\n<p>Insbesondere m\u00fcssen Daten, die aus handels- oder steuerrechtlichen Gr\u00fcnden aufbewahrt werden m\u00fcssen oder deren Speicherung notwendig ist zur Rechtsverfolgung oder zum Schutz der Rechte anderer nat\u00fcrlicher oder juristischer Personen, entsprechend archiviert werden.<\/p>\n\n\n\n<p>Unsere Datenschutzhinweise enthalten zus\u00e4tzliche Informationen zur Aufbewahrung und L\u00f6schung von Daten, die speziell f\u00fcr bestimmte Verarbeitungsprozesse gelten.<\/p>\n\n\n\n<p>Bei mehreren Angaben zur Aufbewahrungsdauer oder L\u00f6schungsfristen eines Datums, ist stets die l\u00e4ngste Frist ma\u00dfgeblich.<\/p>\n\n\n\n<p>Beginnt eine Frist nicht ausdr\u00fccklich zu einem bestimmten Datum und betr\u00e4gt sie mindestens ein Jahr, so startet sie automatisch am Ende des Kalenderjahres, in dem das fristausl\u00f6sende Ereignis eingetreten ist. Im Fall laufender Vertragsverh\u00e4ltnisse, in deren Rahmen Daten gespeichert werden, ist das fristausl\u00f6sende Ereignis der Zeitpunkt des Wirksamwerdens der K\u00fcndigung oder sonstige Beendigung des Rechtsverh\u00e4ltnisses.<\/p>\n\n\n\n<p>Daten, die nicht mehr f\u00fcr den urspr\u00fcnglich vorgesehenen Zweck, sondern aufgrund gesetzlicher Vorgaben oder anderer Gr\u00fcnde aufbewahrt werden, verarbeiten wir ausschlie\u00dflich zu den Gr\u00fcnden, die ihre Aufbewahrung rechtfertigen.<\/p>\n\n\n\n<p><strong>Weitere Hinweise zu Verarbeitungsprozessen, Verfahren und Diensten:<\/strong><\/p>\n\n\n\n<ul class=\"wp-block-list\">\n<li><strong>Aufbewahrung und L\u00f6schung von Daten: <\/strong>Die folgenden allgemeinen Fristen gelten f\u00fcr die Aufbewahrung und Archivierung nach deutschem Recht:\n<ul class=\"wp-block-list\">\n<li>10 Jahre &#8211; Aufbewahrungsfrist f\u00fcr B\u00fccher und Aufzeichnungen, Jahresabschl\u00fcsse, Inventare, Lageberichte, Er\u00f6ffnungsbilanz sowie die zu ihrem Verst\u00e4ndnis erforderlichen Arbeitsanweisungen und sonstigen Organisationsunterlagen, Buchungsbelege und Rechnungen (\u00a7 147 Abs. 3 i. V. m. Abs. 1 Nr. 1, 4 und 4a AO, \u00a7 14b Abs. 1 UStG, \u00a7 257 Abs. 1 Nr. 1 u. 4, Abs. 4 HGB).<\/li>\n\n\n\n<li>6 Jahre &#8211; \u00dcbrige Gesch\u00e4ftsunterlagen: empfangene Handels- oder Gesch\u00e4ftsbriefe, Wiedergaben der abgesandten Handels- oder Gesch\u00e4ftsbriefe, sonstige Unterlagen, soweit sie f\u00fcr die Besteuerung von Bedeutung sind, z.\u00a0B. Stundenlohnzettel, Betriebsabrechnungsb\u00f6gen, Kalkulationsunterlagen, Preisauszeichnungen, aber auch Lohnabrechnungsunterlagen, soweit sie nicht bereits Buchungsbelege sind und Kassenstreifen (\u00a7 147 Abs. 3 i. V. m. Abs. 1 Nr. 2, 3, 5 AO, \u00a7 257 Abs. 1 Nr. 2 u. 3, Abs. 4 HGB).<\/li>\n\n\n\n<li>3 Jahre &#8211; Daten, die erforderlich sind, um potenzielle Gew\u00e4hrleistungs- und Schadensersatzanspr\u00fcche oder \u00e4hnliche vertragliche Anspr\u00fcche und Rechte zu ber\u00fccksichtigen sowie damit verbundene Anfragen zu bearbeiten, basierend auf fr\u00fcheren Gesch\u00e4ftserfahrungen und \u00fcblichen Branchenpraktiken, werden f\u00fcr die Dauer der regul\u00e4ren gesetzlichen Verj\u00e4hrungsfrist von drei Jahren gespeichert (\u00a7\u00a7 195, 199 BGB).<\/li>\n<\/ul>\n<\/li>\n<\/ul>\n\n\n\n<h2 class=\"wp-block-heading\" id=\"m10\">Rechte der betroffenen Personen<\/h2>\n\n\n\n<p>Rechte der betroffenen Personen aus der DSGVO: Ihnen stehen als Betroffene nach der DSGVO verschiedene Rechte zu, die sich insbesondere aus Art. 15 bis 21 DSGVO ergeben:<\/p>\n\n\n\n<ul class=\"wp-block-list\">\n<li><strong>Widerspruchsrecht: Sie haben das Recht, aus Gr\u00fcnden, die sich aus Ihrer besonderen Situation ergeben, jederzeit gegen die Verarbeitung der Sie betreffenden personenbezogenen Daten, die aufgrund von Art. 6 Abs. 1 lit. e oder f DSGVO erfolgt, Widerspruch einzulegen; dies gilt auch f\u00fcr ein auf diese Bestimmungen gest\u00fctztes Profiling. Werden die Sie betreffenden personenbezogenen Daten verarbeitet, um Direktwerbung zu betreiben, haben Sie das Recht, jederzeit Widerspruch gegen die Verarbeitung der Sie betreffenden personenbezogenen Daten zum Zwecke derartiger Werbung einzulegen; dies gilt auch f\u00fcr das Profiling, soweit es mit solcher Direktwerbung in Verbindung steht.<\/strong><\/li>\n\n\n\n<li><strong>Widerrufsrecht bei Einwilligungen:<\/strong> Sie haben das Recht, erteilte Einwilligungen jederzeit zu widerrufen.<\/li>\n\n\n\n<li><strong>Auskunftsrecht:<\/strong> Sie haben das Recht, eine Best\u00e4tigung dar\u00fcber zu verlangen, ob betreffende Daten verarbeitet werden und auf Auskunft \u00fcber diese Daten sowie auf weitere Informationen und Kopie der Daten entsprechend den gesetzlichen Vorgaben.<\/li>\n\n\n\n<li><strong>Recht auf Berichtigung:<\/strong> Sie haben entsprechend den gesetzlichen Vorgaben das Recht, die Vervollst\u00e4ndigung der Sie betreffenden Daten oder die Berichtigung der Sie betreffenden unrichtigen Daten zu verlangen.<\/li>\n\n\n\n<li><strong>Recht auf L\u00f6schung und Einschr\u00e4nkung der Verarbeitung:<\/strong> Sie haben nach Ma\u00dfgabe der gesetzlichen Vorgaben das Recht, zu verlangen, dass Sie betreffende Daten unverz\u00fcglich gel\u00f6scht werden, bzw. alternativ nach Ma\u00dfgabe der gesetzlichen Vorgaben eine Einschr\u00e4nkung der Verarbeitung der Daten zu verlangen.<\/li>\n\n\n\n<li><strong>Recht auf Daten\u00fcbertragbarkeit:<\/strong> Sie haben das Recht, Sie betreffende Daten, die Sie uns bereitgestellt haben, nach Ma\u00dfgabe der gesetzlichen Vorgaben in einem strukturierten, g\u00e4ngigen und maschinenlesbaren Format zu erhalten oder deren \u00dcbermittlung an einen anderen Verantwortlichen zu fordern.<\/li>\n\n\n\n<li><strong>Beschwerde bei Aufsichtsbeh\u00f6rde:<\/strong> Sie haben unbeschadet eines anderweitigen verwaltungsrechtlichen oder gerichtlichen Rechtsbehelfs das Recht auf Beschwerde bei einer Aufsichtsbeh\u00f6rde, insbesondere in dem Mitgliedstaat ihres gew\u00f6hnlichen Aufenthaltsorts, ihres Arbeitsplatzes oder des Orts des mutma\u00dflichen Versto\u00dfes, wenn Sie der Ansicht sind, dass die Verarbeitung der Sie betreffenden personenbezogenen Daten gegen die Vorgaben der DSGVO verst\u00f6\u00dft.<\/li>\n<\/ul>\n\n\n\n<h2 class=\"wp-block-heading\" id=\"m317\">Gesch\u00e4ftliche Leistungen<\/h2>\n\n\n\n<p>Wir verarbeiten Daten unserer Vertrags- und Gesch\u00e4ftspartner, z.\u00a0B. Kunden und Interessenten (zusammenfassend als \u201eVertragspartner&#187; bezeichnet), im Rahmen von vertraglichen und vergleichbaren Rechtsverh\u00e4ltnissen sowie damit verbundenen Ma\u00dfnahmen und im Hinblick auf die Kommunikation mit den Vertragspartnern (oder vorvertraglich), etwa zur Beantwortung von Anfragen.<\/p>\n\n\n\n<p>Wir verwenden diese Daten, um unsere vertraglichen Verpflichtungen zu erf\u00fcllen. Dazu geh\u00f6ren insbesondere die Pflichten zur Erbringung der vereinbarten Leistungen, etwaige Aktualisierungspflichten und Abhilfe bei Gew\u00e4hrleistungs- und sonstigen Leistungsst\u00f6rungen. Dar\u00fcber hinaus verwenden wir die Daten zur Wahrung unserer Rechte und zum Zwecke der mit diesen Pflichten verbundenen Verwaltungsaufgaben sowie der Unternehmensorganisation. Zudem verarbeiten wir die Daten auf Grundlage unserer berechtigten Interessen sowohl an einer ordnungsgem\u00e4\u00dfen und betriebswirtschaftlichen Gesch\u00e4ftsf\u00fchrung als auch an Sicherheitsma\u00dfnahmen zum Schutz unserer Vertragspartner und unseres Gesch\u00e4ftsbetriebs vor Missbrauch, Gef\u00e4hrdung ihrer Daten, Geheimnisse, Informationen und Rechte (z.\u00a0B. zur Beteiligung von Telekommunikations-, Transport- und sonstigen Hilfsdiensten sowie Subunternehmern, Banken, Steuer- und Rechtsberatern, Zahlungsdienstleistern oder Finanzbeh\u00f6rden). Im Rahmen des geltenden Rechts geben wir die Daten von Vertragspartnern nur insoweit an Dritte weiter, als dies f\u00fcr die vorgenannten Zwecke oder zur Erf\u00fcllung gesetzlicher Pflichten erforderlich ist. \u00dcber weitere Formen der Verarbeitung, etwa zu Marketingzwecken, werden die Vertragspartner im Rahmen dieser Datenschutzerkl\u00e4rung informiert.<\/p>\n\n\n\n<p>Welche Daten f\u00fcr die vorgenannten Zwecke erforderlich sind, teilen wir den Vertragspartnern vor oder im Rahmen der Datenerhebung, z.\u00a0B. in Onlineformularen, durch besondere Kennzeichnung (z.\u00a0B. Farben) bzw. Symbole (z.\u00a0B. Sternchen o. \u00c4.), oder pers\u00f6nlich mit.<\/p>\n\n\n\n<p>Wir l\u00f6schen die Daten nach Ablauf gesetzlicher Gew\u00e4hrleistungs- und vergleichbarer Pflichten, d. h. grunds\u00e4tzlich nach vier Jahren, es sei denn, dass die Daten in einem Kundenkonto gespeichert werden, z.\u00a0B., solange sie aus gesetzlichen Gr\u00fcnden der Archivierung aufbewahrt werden m\u00fcssen (etwa f\u00fcr Steuerzwecke im Regelfall zehn Jahre). Daten, die uns im Rahmen eines Auftrags durch den Vertragspartner offengelegt wurden, l\u00f6schen wir entsprechend den Vorgaben und grunds\u00e4tzlich nach Ende des Auftrags.<\/p>\n\n\n\n<ul class=\"wp-block-list\">\n<li><strong>Verarbeitete Datenarten:<\/strong> Bestandsdaten (z.\u00a0B. der vollst\u00e4ndige Name, Wohnadresse, Kontaktinformationen, Kundennummer, etc.); Zahlungsdaten (z.\u00a0B. Bankverbindungen, Rechnungen, Zahlungshistorie); Kontaktdaten (z.\u00a0B. Post- und E-Mail-Adressen oder Telefonnummern). Vertragsdaten (z.\u00a0B. Vertragsgegenstand, Laufzeit, Kundenkategorie).<\/li>\n\n\n\n<li><strong>Betroffene Personen:<\/strong> Leistungsempf\u00e4nger und Auftraggeber; Interessenten. Gesch\u00e4fts- und Vertragspartner.<\/li>\n\n\n\n<li><strong>Zwecke der Verarbeitung:<\/strong> Erbringung vertraglicher Leistungen und Erf\u00fcllung vertraglicher Pflichten; Kommunikation; B\u00fcro- und Organisationsverfahren; Organisations- und Verwaltungsverfahren. Gesch\u00e4ftsprozesse und betriebswirtschaftliche Verfahren.<\/li>\n\n\n\n<li><strong>Aufbewahrung und L\u00f6schung:<\/strong> L\u00f6schung entsprechend Angaben im Abschnitt &#171;Allgemeine Informationen zur Datenspeicherung und L\u00f6schung&#187;.<\/li>\n\n\n\n<li><strong>Rechtsgrundlagen:<\/strong> Vertragserf\u00fcllung und vorvertragliche Anfragen (Art. 6 Abs. 1 S. 1 lit. b) DSGVO); Rechtliche Verpflichtung (Art. 6 Abs. 1 S. 1 lit. c) DSGVO). Berechtigte Interessen (Art. 6 Abs. 1 S. 1 lit. f) DSGVO).<\/li>\n<\/ul>\n\n\n\n<p><strong>Weitere Hinweise zu Verarbeitungsprozessen, Verfahren und Diensten:<\/strong><\/p>\n\n\n\n<ul class=\"wp-block-list\">\n<li><strong>Handwerkliche Leistungen: <\/strong>Wir verarbeiten die Daten unserer Kunden sowie Auftraggeber (nachfolgend einheitlich als &#171;Kunden&#187; bezeichnet), um ihnen die Auswahl, den Erwerb bzw. die Beauftragung der gew\u00e4hlten Leistungen oder Werke sowie verbundener T\u00e4tigkeiten als auch deren Bezahlung und Zustellung bzw. Ausf\u00fchrung oder Erbringung zu erm\u00f6glichen.<br>Die erforderlichen Angaben sind als solche im Rahmen des Auftrags-, Bestell- bzw. vergleichbaren Vertragsschlusses gekennzeichnet und umfassen die zur Auslieferung und Abrechnung ben\u00f6tigten Angaben sowie Kontaktinformationen, um etwaige R\u00fccksprachen halten zu k\u00f6nnen; <strong>Rechtsgrundlagen:<\/strong> Vertragserf\u00fcllung und vorvertragliche Anfragen (Art. 6 Abs. 1 S. 1 lit. b) DSGVO).<\/li>\n<\/ul>\n\n\n\n<h2 class=\"wp-block-heading\" id=\"m225\">Bereitstellung des Onlineangebots und Webhosting<\/h2>\n\n\n\n<p>Wir verarbeiten die Daten der Nutzer, um ihnen unsere Online-Dienste zur Verf\u00fcgung stellen zu k\u00f6nnen. Zu diesem Zweck verarbeiten wir die IP-Adresse des Nutzers, die notwendig ist, um die Inhalte und Funktionen unserer Online-Dienste an den Browser oder das Endger\u00e4t der Nutzer zu \u00fcbermitteln.<\/p>\n\n\n\n<ul class=\"wp-block-list\">\n<li><strong>Verarbeitete Datenarten:<\/strong> Nutzungsdaten (z. B. Seitenaufrufe und Verweildauer, Klickpfade, Nutzungsintensit\u00e4t und -frequenz, verwendete Ger\u00e4tetypen und Betriebssysteme, Interaktionen mit Inhalten und Funktionen); Meta-, Kommunikations- und Verfahrensdaten (z. B. IP-Adressen, Zeitangaben, Identifikationsnummern, beteiligte Personen); Protokolldaten (z.\u00a0B. Logfiles betreffend Logins oder den Abruf von Daten oder Zugriffszeiten.). Inhaltsdaten (z. B. textliche oder bildliche Nachrichten und Beitr\u00e4ge sowie die sie betreffenden Informationen, wie z. B. Angaben zur Autorenschaft oder Zeitpunkt der Erstellung).<\/li>\n\n\n\n<li><strong>Betroffene Personen:<\/strong> Nutzer (z.\u00a0B. Webseitenbesucher, Nutzer von Onlinediensten).<\/li>\n\n\n\n<li><strong>Zwecke der Verarbeitung:<\/strong> Bereitstellung unseres Onlineangebotes und Nutzerfreundlichkeit; Informationstechnische Infrastruktur (Betrieb und Bereitstellung von Informationssystemen und technischen Ger\u00e4ten (Computer, Server etc.).). Sicherheitsma\u00dfnahmen.<\/li>\n\n\n\n<li><strong>Aufbewahrung und L\u00f6schung:<\/strong> L\u00f6schung entsprechend Angaben im Abschnitt &#171;Allgemeine Informationen zur Datenspeicherung und L\u00f6schung&#187;.<\/li>\n\n\n\n<li><strong>Rechtsgrundlagen:<\/strong> Berechtigte Interessen (Art. 6 Abs. 1 S. 1 lit. f) DSGVO).<\/li>\n<\/ul>\n\n\n\n<p><strong>Weitere Hinweise zu Verarbeitungsprozessen, Verfahren und Diensten:<\/strong><\/p>\n\n\n\n<ul class=\"wp-block-list\">\n<li><strong>Erhebung von Zugriffsdaten und Logfiles: <\/strong>Der Zugriff auf unser Onlineangebot wird in Form von sogenannten &#171;Server-Logfiles&#187; protokolliert. Zu den Serverlogfiles k\u00f6nnen die Adresse und der Name der abgerufenen Webseiten und Dateien, Datum und Uhrzeit des Abrufs, \u00fcbertragene Datenmengen, Meldung \u00fcber erfolgreichen Abruf, Browsertyp nebst Version, das Betriebssystem des Nutzers, Referrer URL (die zuvor besuchte Seite) und im Regelfall IP-Adressen und der anfragende Provider geh\u00f6ren. Die Serverlogfiles k\u00f6nnen zum einen zu Sicherheitszwecken eingesetzt werden, z.\u00a0B. um eine \u00dcberlastung der Server zu vermeiden (insbesondere im Fall von missbr\u00e4uchlichen Angriffen, sogenannten DDoS-Attacken), und zum anderen, um die Auslastung der Server und ihre Stabilit\u00e4t sicherzustellen; <strong>Rechtsgrundlagen:<\/strong> Berechtigte Interessen (Art. 6 Abs. 1 S. 1 lit. f) DSGVO). <strong>L\u00f6schung von Daten:<\/strong> Logfile-Informationen werden f\u00fcr die Dauer von maximal 30 Tagen gespeichert und danach gel\u00f6scht oder anonymisiert. Daten, deren weitere Aufbewahrung zu Beweiszwecken erforderlich ist, sind bis zur endg\u00fcltigen Kl\u00e4rung des jeweiligen Vorfalls von der L\u00f6schung ausgenommen.<\/li>\n\n\n\n<li><strong>WordPress.com: <\/strong>Hosting und Software f\u00fcr die Erstellung, Bereitstellung und den Betrieb von Websites, Blogs und anderen Onlineangeboten; <strong>Dienstanbieter:<\/strong> Aut O\u2019Mattic A8C Irland Ltd., Grand Canal Dock, 25 Herbert Pl, Dublin, D02 AY86, Irland; <strong>Rechtsgrundlagen:<\/strong> Berechtigte Interessen (Art. 6 Abs. 1 S. 1 lit. f) DSGVO); <strong>Website:<\/strong> <a href=\"https:\/\/wordpress.com\" target=\"_blank\" rel=\"noreferrer noopener\">https:\/\/wordpress.com<\/a>; <strong>Datenschutzerkl\u00e4rung:<\/strong> <a href=\"https:\/\/automattic.com\/de\/privacy\/\" target=\"_blank\" rel=\"noreferrer noopener\">https:\/\/automattic.com\/de\/privacy\/<\/a>; <strong>Auftragsverarbeitungsvertrag:<\/strong> <a href=\"https:\/\/wordpress.com\/support\/data-processing-agreements\/\" target=\"_blank\" rel=\"noreferrer noopener\">https:\/\/wordpress.com\/support\/data-processing-agreements\/<\/a>. <strong>Grundlage Drittlandtransfers:<\/strong> Data Privacy Framework (DPF).<\/li>\n<\/ul>\n\n\n\n<h2 class=\"wp-block-heading\" id=\"m134\">Einsatz von Cookies<\/h2>\n\n\n\n<p>Cookies sind kleine Textdateien bzw. sonstige Speichervermerke, die Informationen auf Endger\u00e4ten speichern und aus ihnen auslesen. Zum Beispiel, um den Log-in-Status in einem Nutzerkonto, einen Warenkorbinhalt in einem E-Shop, die aufgerufenen Inhalte oder verwendete Funktionen eines Onlineangebots zu speichern. Cookies k\u00f6nnen ferner in Bezug auf unterschiedliche Anliegen Einsatz finden, etwa zu Zwecken der Funktionsf\u00e4higkeit, der Sicherheit und des Komforts von Onlineangeboten sowie der Erstellung von Analysen der Besucherstr\u00f6me.<\/p>\n\n\n\n<p><strong>Hinweise zur Einwilligung:\u00a0<\/strong>Wir setzen Cookies im Einklang mit den gesetzlichen Vorschriften ein. Daher holen wir von den Nutzern eine vorhergehende Einwilligung ein, es sei denn, sie ist laut Gesetzeslage nicht gefordert. Eine Erlaubnis ist insbesondere nicht notwendig, wenn das Speichern und das Auslesen der Informationen, also auch von Cookies, unbedingt erforderlich sind, um den Nutzern einen von ihnen ausdr\u00fccklich gew\u00fcnschten Telemediendienst (also unser Onlineangebot) zur Verf\u00fcgung zu stellen. Die widerrufliche Einwilligung wird ihnen gegen\u00fcber deutlich kommuniziert und enth\u00e4lt die Informationen zur jeweiligen Cookie-Nutzung.<\/p>\n\n\n\n<p><strong>Hinweise zu datenschutzrechtlichen Rechtsgrundlagen:\u00a0<\/strong>Auf welcher datenschutzrechtlichen Grundlage wir die personenbezogenen Daten der Nutzer mithilfe von Cookies verarbeiten, h\u00e4ngt davon ab, ob wir sie um eine Einwilligung bitten. Falls die Nutzer akzeptieren, ist die Rechtsgrundlage der Verwertung ihrer Daten die erkl\u00e4rte Einwilligung. Andernfalls werden die mithilfe von Cookies verwerteten Daten auf Grundlage unserer berechtigten Interessen (z.\u00a0B. an einem betriebswirtschaftlichen Betrieb unseres Onlineangebots und der Verbesserung seiner Nutzbarkeit) verarbeitet oder, falls dies im Rahmen der Erf\u00fcllung unserer vertraglichen Pflichten erfolgt, wenn der Einsatz von Cookies erforderlich ist, um unseren vertraglichen Verpflichtungen nachzukommen. Zu welchen Zwecken die Cookies von uns verwertet werden, dar\u00fcber kl\u00e4ren wir im Laufe dieser Datenschutzerkl\u00e4rung oder im Rahmen von unseren Einwilligungs- und Verarbeitungsprozessen auf.<\/p>\n\n\n\n<p><strong>Speicherdauer:\u00a0<\/strong>Im Hinblick auf die Speicherdauer werden die folgenden Arten von Cookies unterschieden:<\/p>\n\n\n\n<ul class=\"wp-block-list\">\n<li><strong>Tempor\u00e4re Cookies (auch: Session- oder Sitzungscookies):<\/strong> Tempor\u00e4re Cookies werden sp\u00e4testens gel\u00f6scht, nachdem ein Nutzer ein Onlineangebot verlassen und sein Endger\u00e4t (z.\u00a0B. Browser oder mobile Applikation) geschlossen hat.<\/li>\n\n\n\n<li><strong>Permanente Cookies:<\/strong> Permanente Cookies bleiben auch nach dem Schlie\u00dfen des Endger\u00e4ts gespeichert. So k\u00f6nnen beispielsweise der Log-in-Status gespeichert und bevorzugte Inhalte direkt angezeigt werden, wenn der Nutzer eine Website erneut besucht. Ebenso k\u00f6nnen die mithilfe von Cookies erhobenen Nutzerdaten zur Reichweitenmessung Verwendung finden. Sofern wir Nutzern keine expliziten Angaben zur Art und Speicherdauer von Cookies mitteilen (z.\u00a0B. im Rahmen der Einholung der Einwilligung), sollten sie davon ausgehen, dass diese permanent sind und die Speicherdauer bis zu zwei Jahre betragen kann.<\/li>\n<\/ul>\n\n\n\n<p><strong>Allgemeine Hinweise zum Widerruf und Widerspruch (Opt-out):\u00a0<\/strong>Nutzer k\u00f6nnen die von ihnen abgegebenen Einwilligungen jederzeit widerrufen und zudem einen Widerspruch gegen die Verarbeitung entsprechend den gesetzlichen Vorgaben, auch mittels der Privatsph\u00e4re-Einstellungen ihres Browsers, erkl\u00e4ren.<\/p>\n\n\n\n<ul class=\"wp-block-list\">\n<li><strong>Verarbeitete Datenarten:<\/strong> Meta-, Kommunikations- und Verfahrensdaten (z. B. IP-Adressen, Zeitangaben, Identifikationsnummern, beteiligte Personen).<\/li>\n\n\n\n<li><strong>Betroffene Personen:<\/strong> Nutzer (z.\u00a0B. Webseitenbesucher, Nutzer von Onlinediensten).<\/li>\n\n\n\n<li><strong>Rechtsgrundlagen:<\/strong> Berechtigte Interessen (Art. 6 Abs. 1 S. 1 lit. f) DSGVO). Einwilligung (Art. 6 Abs. 1 S. 1 lit. a) DSGVO).<\/li>\n<\/ul>\n\n\n\n<p><strong>Weitere Hinweise zu Verarbeitungsprozessen, Verfahren und Diensten:<\/strong><\/p>\n\n\n\n<ul class=\"wp-block-list\">\n<li><strong>Verarbeitung von Cookie-Daten auf Grundlage einer Einwilligung: <\/strong>Wir setzen eine Einwilligungs-Management-L\u00f6sung ein, bei der die Einwilligung der Nutzer zur Verwendung von Cookies oder zu den im Rahmen der Einwilligungs-Management-L\u00f6sung genannten Verfahren und Anbietern eingeholt wird. Dieses Verfahren dient der Einholung, Protokollierung, Verwaltung und dem Widerruf von Einwilligungen, insbesondere bezogen auf den Einsatz von Cookies und vergleichbaren Technologien, die zur Speicherung, zum Auslesen und zur Verarbeitung von Informationen auf den Endger\u00e4ten der Nutzer eingesetzt werden. Im Rahmen dieses Verfahrens werden die Einwilligungen der Nutzer f\u00fcr die Nutzung von Cookies und die damit verbundenen Verarbeitungen von Informationen, einschlie\u00dflich der im Einwilligungs-Management-Verfahren genannten spezifischen Verarbeitungen und Anbieter, eingeholt. Die Nutzer haben zudem die M\u00f6glichkeit, ihre Einwilligungen zu verwalten und zu widerrufen. Die Einwilligungserkl\u00e4rungen werden gespeichert, um eine erneute Abfrage zu vermeiden und den Nachweis der Einwilligung gem\u00e4\u00df der gesetzlichen Anforderungen f\u00fchren zu k\u00f6nnen. Die Speicherung erfolgt serverseitig und\/oder in einem Cookie (sogenanntes Opt-In-Cookie) oder mittels vergleichbarer Technologien, um die Einwilligung einem spezifischen Nutzer oder dessen Ger\u00e4t zuordnen zu k\u00f6nnen. Sofern keine spezifischen Angaben zu den Anbietern von Einwilligungs-Management-Diensten vorliegen, gelten folgende allgemeine Hinweise: Die Dauer der Speicherung der Einwilligung betr\u00e4gt bis zu zwei Jahre. Dabei wird ein pseudonymer Nutzer-Identifikator erstellt, der zusammen mit dem Zeitpunkt der Einwilligung, den Angaben zum Umfang der Einwilligung (z.\u00a0B. betreffende Kategorien von Cookies und\/oder Diensteanbieter) sowie Informationen \u00fcber den Browser, das System und das verwendete Endger\u00e4t gespeichert wird; <strong>Rechtsgrundlagen:<\/strong> Einwilligung (Art. 6 Abs. 1 S. 1 lit. a) DSGVO).<\/li>\n<\/ul>\n\n\n\n<h2 class=\"wp-block-heading\" id=\"m182\">Kontakt- und Anfrageverwaltung<\/h2>\n\n\n\n<p>Bei der Kontaktaufnahme mit uns (z.\u00a0B. per Post, Kontaktformular, E-Mail, Telefon oder via soziale Medien) sowie im Rahmen bestehender Nutzer- und Gesch\u00e4ftsbeziehungen werden die Angaben der anfragenden Personen verarbeitet, soweit dies zur Beantwortung der Kontaktanfragen und etwaiger angefragter Ma\u00dfnahmen erforderlich ist.<\/p>\n\n\n\n<ul class=\"wp-block-list\">\n<li><strong>Verarbeitete Datenarten:<\/strong> Bestandsdaten (z.\u00a0B. der vollst\u00e4ndige Name, Wohnadresse, Kontaktinformationen, Kundennummer, etc.); Kontaktdaten (z.\u00a0B. Post- und E-Mail-Adressen oder Telefonnummern); Inhaltsdaten (z. B. textliche oder bildliche Nachrichten und Beitr\u00e4ge sowie die sie betreffenden Informationen, wie z. B. Angaben zur Autorenschaft oder Zeitpunkt der Erstellung); Nutzungsdaten (z. B. Seitenaufrufe und Verweildauer, Klickpfade, Nutzungsintensit\u00e4t und -frequenz, verwendete Ger\u00e4tetypen und Betriebssysteme, Interaktionen mit Inhalten und Funktionen). Meta-, Kommunikations- und Verfahrensdaten (z. B. IP-Adressen, Zeitangaben, Identifikationsnummern, beteiligte Personen).<\/li>\n\n\n\n<li><strong>Betroffene Personen:<\/strong> Kommunikationspartner.<\/li>\n\n\n\n<li><strong>Zwecke der Verarbeitung:<\/strong> Kommunikation; Organisations- und Verwaltungsverfahren; Feedback (z.\u00a0B. Sammeln von Feedback via Online-Formular). Bereitstellung unseres Onlineangebotes und Nutzerfreundlichkeit.<\/li>\n\n\n\n<li><strong>Aufbewahrung und L\u00f6schung:<\/strong> L\u00f6schung entsprechend Angaben im Abschnitt &#171;Allgemeine Informationen zur Datenspeicherung und L\u00f6schung&#187;.<\/li>\n\n\n\n<li><strong>Rechtsgrundlagen:<\/strong> Berechtigte Interessen (Art. 6 Abs. 1 S. 1 lit. f) DSGVO). Vertragserf\u00fcllung und vorvertragliche Anfragen (Art. 6 Abs. 1 S. 1 lit. b) DSGVO).<\/li>\n<\/ul>\n\n\n\n<p><strong>Weitere Hinweise zu Verarbeitungsprozessen, Verfahren und Diensten:<\/strong><\/p>\n\n\n\n<ul class=\"wp-block-list\">\n<li><strong>Kontaktformular: <\/strong>Bei Kontaktaufnahme \u00fcber unser Kontaktformular, per E-Mail oder anderen Kommunikationswegen, verarbeiten wir die uns \u00fcbermittelten personenbezogenen Daten zur Beantwortung und Bearbeitung des jeweiligen Anliegens. Dies umfasst in der Regel Angaben wie Name, Kontaktinformationen und gegebenenfalls weitere Informationen, die uns mitgeteilt werden und zur angemessenen Bearbeitung erforderlich sind. Wir nutzen diese Daten ausschlie\u00dflich f\u00fcr den angegebenen Zweck der Kontaktaufnahme und Kommunikation; <strong>Rechtsgrundlagen:<\/strong> Vertragserf\u00fcllung und vorvertragliche Anfragen (Art. 6 Abs. 1 S. 1 lit. b) DSGVO), Berechtigte Interessen (Art. 6 Abs. 1 S. 1 lit. f) DSGVO).<\/li>\n<\/ul>\n\n\n\n<h2 class=\"wp-block-heading\" id=\"m391\">Kommunikation via Messenger<\/h2>\n\n\n\n<p>Wir setzen zu Zwecken der Kommunikation Messenger ein und bitten daher darum, die nachfolgenden Hinweise zur Funktionsf\u00e4higkeit der Messenger, zur Verschl\u00fcsselung, zur Nutzung der Metadaten der Kommunikation und zu Ihren Widerspruchsm\u00f6glichkeiten zu beachten.<\/p>\n\n\n\n<p>Sie k\u00f6nnen uns auch auf alternativen Wegen, z.\u00a0B. via Telefon oder E-Mail, kontaktieren. Bitte nutzen Sie die Ihnen mitgeteilten Kontaktm\u00f6glichkeiten oder die innerhalb unseres Onlineangebotes angegebenen Kontaktm\u00f6glichkeiten.<\/p>\n\n\n\n<p>Im Fall einer Ende-zu-Ende-Verschl\u00fcsselung von Inhalten (d.\u00a0h., der Inhalt Ihrer Nachricht und Anh\u00e4nge) weisen wir darauf hin, dass die Kommunikationsinhalte (d.\u00a0h., der Inhalt der Nachricht und angeh\u00e4ngte Bilder) von Ende zu Ende verschl\u00fcsselt werden. Das bedeutet, dass der Inhalt der Nachrichten nicht einsehbar ist, nicht einmal durch die Messenger-Anbieter selbst. Sie sollten immer eine aktuelle Version der Messenger mit aktivierter Verschl\u00fcsselung nutzen, damit die Verschl\u00fcsselung der Nachrichteninhalte sichergestellt ist.<\/p>\n\n\n\n<p>Wir weisen unsere Kommunikationspartner jedoch zus\u00e4tzlich darauf hin, dass die Anbieter der Messenger zwar nicht den Inhalt einsehen, aber in Erfahrung bringen k\u00f6nnen, dass und wann Kommunikationspartner mit uns kommunizieren sowie technische Informationen zum verwendeten Ger\u00e4t der Kommunikationspartner und je nach Einstellungen ihres Ger\u00e4tes auch Standortinformationen (sogenannte Metadaten) verarbeitet werden.<\/p>\n\n\n\n<p><strong>Hinweise zu Rechtsgrundlagen:<\/strong> Sofern wir Kommunikationspartner vor der Kommunikation mit ihnen via Messenger um eine Erlaubnis bitten, ist die Rechtsgrundlage unserer Verarbeitung ihrer Daten deren Einwilligung. Im \u00dcbrigen, falls wir nicht um eine Einwilligung bitten und sie z.\u00a0B. von sich aus Kontakt mit uns aufnehmen, nutzen wir Messenger im Verh\u00e4ltnis zu unseren Vertragspartnern sowie im Rahmen der Vertragsanbahnung als eine vertragliche Ma\u00dfnahme und im Fall anderer Interessenten und Kommunikationspartner auf Grundlage unserer berechtigten Interessen an einer schnellen und effizienten Kommunikation und Erf\u00fcllung der Bed\u00fcrfnisse unser Kommunikationspartner an der Kommunikation via Messenger. Ferner weisen wir Sie darauf hin, dass wir die uns mitgeteilten Kontaktdaten ohne Ihre Einwilligung nicht erstmalig an die Messenger \u00fcbermitteln.<\/p>\n\n\n\n<p><strong>Widerruf, Widerspruch und L\u00f6schung:<\/strong> Sie k\u00f6nnen jederzeit eine erteilte Einwilligung widerrufen und &#8211;<\/p>\n\n\n\n<ul class=\"wp-block-list\">\n<li><strong>Verarbeitete Datenarten:<\/strong> Kontaktdaten (z.\u00a0B. Post- und E-Mail-Adressen oder &#8211; Dieser Textbereich muss mit einer Premium Lizenz freischaltet werden. &#8211; premiumtext premiumtext premiumtext ). Inhaltsdaten (z. B. textliche oder bildliche Nachrichten und Beitr\u00e4ge sowie die sie betreffenden Informationen, wie z. B. Angaben zur Autorenschaft &#8211; Dieser Textbereich muss mit einer Premium Lizenz freischaltet werden. &#8211; premiumtext premiumtext premiumtext premiumtext premiumtext premiumtext ).<\/li>\n\n\n\n<li><strong>Betroffene Personen:<\/strong> Kommunikationspartner.<\/li>\n\n\n\n<li><strong>Zwecke der Verarbeitung:<\/strong> Kommunikation.<\/li>\n\n\n\n<li><strong>Aufbewahrung und L\u00f6schung:<\/strong> L\u00f6schung entsprechend Angaben im Abschnitt &#171;Allgemeine Informationen zur Datenspeicherung und L\u00f6schung&#187;.<\/li>\n\n\n\n<li><strong>Rechtsgrundlagen:<\/strong> Einwilligung (Art. 6 Abs. 1 S. 1 lit. a) DSGVO); Vertragserf\u00fcllung und vorvertragliche Anfragen (Art. 6 Abs. 1 S. 1 lit. b) DSGVO). Berechtigte Interessen (Art. 6 Abs. 1 S. 1 lit. f) DSGVO).<\/li>\n<\/ul>\n\n\n\n<h2 class=\"wp-block-heading\" id=\"m17\">Newsletter und elektronische Benachrichtigungen<\/h2>\n\n\n\n<p>Wir versenden Newsletter, E-Mails und weitere elektronische Benachrichtigungen (nachfolgend \u201eNewsletter&#187;) ausschlie\u00dflich mit der Einwilligung der Empf\u00e4nger oder aufgrund einer gesetzlichen Grundlage. Sofern im Rahmen einer Anmeldung zum Newsletter dessen Inhalte genannt werden, sind diese Inhalte f\u00fcr die Einwilligung der Nutzer ma\u00dfgeblich. F\u00fcr die Anmeldung zu unserem Newsletter ist normalerweise die Angabe Ihrer E-Mail-Adresse ausreichend. Um Ihnen jedoch einen personalisierten Service bieten zu k\u00f6nnen, bitten wir gegebenenfalls um die Angabe Ihres Namens f\u00fcr eine pers\u00f6nliche Ansprache im Newsletter oder um weitere Informationen, falls diese f\u00fcr den Zweck des Newsletters notwendig sind.<\/p>\n\n\n\n<p>L\u00f6schung und Einschr\u00e4nkung der Verarbeitung: Wir k\u00f6nnen die ausgetragenen E-Mail-Adressen bis zu drei Jahren auf Grundlage unserer berechtigten Interessen speichern, bevor wir sie l\u00f6schen, um eine ehemals gegebene Einwilligung nachweisen zu k\u00f6nnen. Die Verarbeitung dieser Daten wird auf den Zweck einer potenziellen Abwehr von Anspr\u00fcchen beschr\u00e4nkt. Ein individueller L\u00f6schungsantrag ist jederzeit m\u00f6glich, sofern zugleich das ehemalige Bestehen einer Einwilligung best\u00e4tigt wird. Im Fall von Pflichten zur dauerhaften Beachtung von Widerspr\u00fcchen behalten wir uns die Speicherung der E-Mail-Adresse alleine zu diesem Zweck in einer Sperrliste (sogenannte \u201eBlocklist&#187;) vor.<\/p>\n\n\n\n<p>Die Protokollierung des Anmeldeverfahrens erfolgt auf Grundlage unserer berechtigten Interessen zum Zweck des Nachweises seines ordnungsgem\u00e4\u00dfen Ablaufs. Soweit wir einen Dienstleister mit dem Versand von E-Mails beauftragen, erfolgt dies auf Grundlage unserer berechtigten Interessen an einem effizienten und sicheren Versandsystem.<strong>Inhalte:<\/strong><\/p>\n\n\n\n<p>Informationen zu uns, unseren Leistungen, Aktionen und Angeboten.<\/p>\n\n\n\n<ul class=\"wp-block-list\">\n<li><strong>Verarbeitete Datenarten:<\/strong> Bestandsdaten (z.\u00a0B. der vollst\u00e4ndige Name, Wohnadresse, Kontaktinformationen, Kundennummer, etc.); Kontaktdaten (z.\u00a0B. Post- und E-Mail-Adressen oder Telefonnummern). Meta-, Kommunikations- und Verfahrensdaten (z. B. IP-Adressen, Zeitangaben, Identifikationsnummern, beteiligte Personen).<\/li>\n\n\n\n<li><strong>Betroffene Personen:<\/strong> Kommunikationspartner.<\/li>\n\n\n\n<li><strong>Zwecke der Verarbeitung:<\/strong> Direktmarketing (z.\u00a0B. per E-Mail oder postalisch).<\/li>\n\n\n\n<li><strong>Aufbewahrung und L\u00f6schung:<\/strong> 3 Jahre &#8211; Vertragliche Anspr\u00fcche (AT) (Daten, die erforderlich sind, um potenzielle Gew\u00e4hrleistungs- und Schadensersatzanspr\u00fcche oder \u00e4hnliche vertragliche Anspr\u00fcche und Rechte zu ber\u00fccksichtigen sowie damit verbundene Anfragen zu bearbeiten, basierend auf fr\u00fcheren Gesch\u00e4ftserfahrungen und \u00fcblichen Branchenpraktiken, werden f\u00fcr die Dauer der regul\u00e4ren gesetzlichen Verj\u00e4hrungsfrist von drei Jahren gespeichert (\u00a7\u00a7 1478, 1480 ABGB).). 10 Jahre &#8211; Vertragliche Anspr\u00fcche (CH) (Daten, die zur Ber\u00fccksichtigung potenzieller Schadenersatzanspr\u00fcche oder \u00e4hnlicher vertraglicher Anspr\u00fcche und Rechte notwendig sind, sowie f\u00fcr die Bearbeitung damit verbundener Anfragen, basierend auf fr\u00fcheren Gesch\u00e4ftserfahrungen und den \u00fcblichen Branchenpraktiken, werden f\u00fcr den Zeitraum der gesetzlichen Verj\u00e4hrungsfrist von zehn Jahren gespeichert, es sei denn, eine k\u00fcrzere Frist von 5 Jahren ist ma\u00dfgeblich, die in bestimmten F\u00e4llen einschl\u00e4gig ist (Art. 127, 130 OR)).<\/li>\n\n\n\n<li><strong>Rechtsgrundlagen:<\/strong> Einwilligung (Art. 6 Abs. 1 S. 1 lit. a) DSGVO).<\/li>\n\n\n\n<li><strong>Widerspruchsm\u00f6glichkeit (Opt-Out): <\/strong>Sie k\u00f6nnen den Empfang unseres Newsletters jederzeit k\u00fcndigen, d.\u00a0.h. Ihre Einwilligungen widerrufen, bzw. dem weiteren Empfang widersprechen. Einen Link zur K\u00fcndigung des Newsletters finden Sie entweder am Ende eines jeden Newsletters oder k\u00f6nnen sonst eine der oben angegebenen Kontaktm\u00f6glichkeiten, vorzugsw\u00fcrdig E-Mail, hierzu nutzen.<\/li>\n<\/ul>\n\n\n\n<h2 class=\"wp-block-heading\" id=\"m237\">Gewinnspiele und Wettbewerbe<\/h2>\n\n\n\n<p>Wir verarbeiten personenbezogene Daten der Teilnehmer von Gewinnspielen und Wettbewerben nur unter Einhaltung der einschl\u00e4gigen Datenschutzbestimmungen, soweit die Verarbeitung zur Bereitstellung, Durchf\u00fchrung und Abwicklung des Gewinnspiels vertraglich erforderlich ist, die Teilnehmer in die Verarbeitung eingewilligt haben oder die Verarbeitung unseren berechtigten Interessen dient (z.\u00a0B. an der Sicherheit des Gewinnspiels oder dem Schutz unserer Interessen vor Missbrauch durch m\u00f6gliche Erfassung von IP-Adressen bei Einreichung von Gewinnspielbeitr\u00e4gen).<\/p>\n\n\n\n<p>Falls im Rahmen der Gewinnspiele Beitr\u00e4ge der Teilnehmer ver\u00f6ffentlicht werden (z.\u00a0B. im Rahmen einer Abstimmung oder Pr\u00e4sentation der Gewinnspielbeitr\u00e4ge bzw. der Gewinner oder der Berichterstattung zum Gewinnspiel), weisen wir darauf hin, dass die Namen der Teilnehmer in diesem Zusammenhang ebenfalls ver\u00f6ffentlicht werden k\u00f6nnen. Die Teilnehmer k\u00f6nnen dem jederzeit widersprechen.<\/p>\n\n\n\n<p>Findet das Gewinnspiel innerhalb einer Online-Plattform oder eines sozialen Netzwerks (z.\u00a0B. Facebook oder Instagram, nachfolgend bezeichnet als &#171;Online-Plattform&#187;) statt, gelten zus\u00e4tzlich die Nutzungs- und Datenschutzbestimmungen der jeweiligen Plattformen. In diesen F\u00e4llen weisen wir darauf hin, dass wir f\u00fcr die im Rahmen des Gewinnspiels mitgeteilten Angaben der Teilnehmer verantwortlich sind und Anfragen im Hinblick auf das Gewinnspiel an uns zu richten sind.<\/p>\n\n\n\n<p>Die Daten der Teilnehmer werden gel\u00f6scht, sobald das Gewinnspiel oder der Wettbewerb beendet sind und die Daten nicht mehr erforderlich sind, um die Gewinner zu informieren oder weil nicht mehr mit R\u00fcckfragen zum Gewinnspiel zu rechnen ist. Grunds\u00e4tzlich werden die Daten der Teilnehmer sp\u00e4testens 6 Monate nach Ende des Gewinnspiels gel\u00f6scht. Daten der Gewinner k\u00f6nnen l\u00e4nger einbehalten werden, um z.\u00a0B. R\u00fcckfragen zu den Gewinnen beantworten oder die Gewinnleistungen erf\u00fcllen zu k\u00f6nnen; in diesem Fall richtet sich die Aufbewahrungsdauer nach der Art des Gewinns und betr\u00e4gt z.\u00a0B. bei Sachen oder Leistungen bis zu drei Jahre, um z.\u00a0B. Gew\u00e4hrleistungsf\u00e4lle bearbeiten zu k\u00f6nnen. Ferner k\u00f6nnen die Daten der Teilnehmer l\u00e4nger gespeichert werden, z.\u00a0B. in Form der Berichterstattung zum Gewinnspiel in Online- und Offline-Medien.<\/p>\n\n\n\n<p>Sofern Daten im Rahmen des Gewinnspiels auch zu anderen Zwecken erhoben wurden, richten sich deren Verarbeitung und die Aufbewahrungsdauer nach den Datenschutzhinweisen zu dieser Nutzung (z.\u00a0B. im Fall einer Anmeldung zum Newsletter im Rahmen eines Gewinnspiels).<\/p>\n\n\n\n<ul class=\"wp-block-list\">\n<li><strong>Verarbeitete Datenarten:<\/strong> Bestandsdaten (z.\u00a0B. der vollst\u00e4ndige Name, Wohnadresse, Kontaktinformationen, Kundennummer, etc.); Kontaktdaten (z.\u00a0B. Post- und E-Mail-Adressen oder Telefonnummern). Inhaltsdaten (z. B. textliche oder bildliche Nachrichten und Beitr\u00e4ge sowie die sie betreffenden Informationen, wie z. B. Angaben zur Autorenschaft oder Zeitpunkt der Erstellung).<\/li>\n\n\n\n<li><strong>Betroffene Personen:<\/strong> Gewinnspiel- und Wettbewerbsteilnehmer.<\/li>\n\n\n\n<li><strong>Zwecke der Verarbeitung:<\/strong> Durchf\u00fchrung von Gewinnspielen und Wettbewerben.<\/li>\n\n\n\n<li><strong>Aufbewahrung und L\u00f6schung:<\/strong> L\u00f6schung entsprechend Angaben im Abschnitt &#171;Allgemeine Informationen zur Datenspeicherung und L\u00f6schung&#187;.<\/li>\n\n\n\n<li><strong>Rechtsgrundlagen:<\/strong> Vertragserf\u00fcllung und vorvertragliche Anfragen (Art. 6 Abs. 1 S. 1 lit. b) DSGVO). Berechtigte Interessen (Art. 6 Abs. 1 S. 1 lit. f) DSGVO).<\/li>\n<\/ul>\n\n\n\n<p><a href=\"https:\/\/datenschutz-generator.de\/\" target=\"_blank\" rel=\"noreferrer noopener\">Erstellt mit Datenschutz-Generator.de von Dr. Thomas Schwenke<\/a><\/p>\n\n\n\n<p><\/p>\n","protected":false},"excerpt":{"rendered":"<p>Datenschutzerkl\u00e4rung Stand: 24. Juli 2024 Inhalts\u00fcbersicht Verantwortlicher Marvin EckertHornbosteler Stra\u00dfe 929308 Winsen Aller Vertretungsberechtigte Personen: Marvin Eckert E-Mail-Adresse: m.eckertkom@gmail.com Impressum: https:\/\/www.eckertkom.de\/?page_id=146 \u00dcbersicht der Verarbeitungen Die nachfolgende \u00dcbersicht fasst die Arten der verarbeiteten Daten und die Zwecke ihrer Verarbeitung zusammen und verweist auf die betroffenen Personen. Arten der verarbeiteten Daten Kategorien betroffener Personen Zwecke der Verarbeitung<\/p>\n<p class=\"more-link\"><a href=\"https:\/\/www.eckertkom.de\/?page_id=149\" class=\"themebutton2\">READ MORE<\/a><\/p>\n","protected":false},"author":1,"featured_media":0,"parent":0,"menu_order":0,"comment_status":"closed","ping_status":"closed","template":"","meta":{"_themeisle_gutenberg_block_has_review":false,"footnotes":"[]"},"class_list":["post-149","page","type-page","status-publish","hentry"],"yoast_head":"<!-- This site is optimized with the Yoast SEO plugin v26.6 - https:\/\/yoast.com\/wordpress\/plugins\/seo\/ -->\n<title>Datenschutz - EckertKom<\/title>\n<meta name=\"robots\" content=\"index, follow, max-snippet:-1, max-image-preview:large, max-video-preview:-1\" \/>\n<link rel=\"canonical\" href=\"https:\/\/www.eckertkom.de\/?page_id=149\" \/>\n<meta property=\"og:locale\" content=\"de_DE\" \/>\n<meta property=\"og:type\" content=\"article\" \/>\n<meta property=\"og:title\" content=\"Datenschutz - EckertKom\" \/>\n<meta property=\"og:description\" content=\"Datenschutzerkl\u00e4rung Stand: 24. Juli 2024 Inhalts\u00fcbersicht Verantwortlicher Marvin EckertHornbosteler Stra\u00dfe 929308 Winsen Aller Vertretungsberechtigte Personen: Marvin Eckert E-Mail-Adresse: m.eckertkom@gmail.com Impressum: https:\/\/www.eckertkom.de\/?page_id=146 \u00dcbersicht der Verarbeitungen Die nachfolgende \u00dcbersicht fasst die Arten der verarbeiteten Daten und die Zwecke ihrer Verarbeitung zusammen und verweist auf die betroffenen Personen. Arten der verarbeiteten Daten Kategorien betroffener Personen Zwecke der VerarbeitungREAD MORE\" \/>\n<meta property=\"og:url\" content=\"https:\/\/www.eckertkom.de\/?page_id=149\" \/>\n<meta property=\"og:site_name\" content=\"EckertKom\" \/>\n<meta property=\"article:modified_time\" content=\"2024-07-24T18:29:15+00:00\" \/>\n<meta name=\"twitter:card\" content=\"summary_large_image\" \/>\n<meta name=\"twitter:label1\" content=\"Gesch\u00e4tzte Lesezeit\" \/>\n\t<meta name=\"twitter:data1\" content=\"28\u00a0Minuten\" \/>\n<script type=\"application\/ld+json\" class=\"yoast-schema-graph\">{\"@context\":\"https:\/\/schema.org\",\"@graph\":[{\"@type\":\"WebPage\",\"@id\":\"https:\/\/www.eckertkom.de\/?page_id=149\",\"url\":\"https:\/\/www.eckertkom.de\/?page_id=149\",\"name\":\"Datenschutz - EckertKom\",\"isPartOf\":{\"@id\":\"https:\/\/www.eckertkom.de\/#website\"},\"datePublished\":\"2024-07-24T18:21:20+00:00\",\"dateModified\":\"2024-07-24T18:29:15+00:00\",\"breadcrumb\":{\"@id\":\"https:\/\/www.eckertkom.de\/?page_id=149#breadcrumb\"},\"inLanguage\":\"de-CH\",\"potentialAction\":[{\"@type\":\"ReadAction\",\"target\":[\"https:\/\/www.eckertkom.de\/?page_id=149\"]}]},{\"@type\":\"BreadcrumbList\",\"@id\":\"https:\/\/www.eckertkom.de\/?page_id=149#breadcrumb\",\"itemListElement\":[{\"@type\":\"ListItem\",\"position\":1,\"name\":\"Startseite\",\"item\":\"https:\/\/www.eckertkom.de\/\"},{\"@type\":\"ListItem\",\"position\":2,\"name\":\"Datenschutz\"}]},{\"@type\":\"WebSite\",\"@id\":\"https:\/\/www.eckertkom.de\/#website\",\"url\":\"https:\/\/www.eckertkom.de\/\",\"name\":\"EckertKom\",\"description\":\"IT-Dienstleistungen\",\"potentialAction\":[{\"@type\":\"SearchAction\",\"target\":{\"@type\":\"EntryPoint\",\"urlTemplate\":\"https:\/\/www.eckertkom.de\/?s={search_term_string}\"},\"query-input\":{\"@type\":\"PropertyValueSpecification\",\"valueRequired\":true,\"valueName\":\"search_term_string\"}}],\"inLanguage\":\"de-CH\"}]}<\/script>\n<!-- \/ Yoast SEO plugin. -->","yoast_head_json":{"title":"Datenschutz - EckertKom","robots":{"index":"index","follow":"follow","max-snippet":"max-snippet:-1","max-image-preview":"max-image-preview:large","max-video-preview":"max-video-preview:-1"},"canonical":"https:\/\/www.eckertkom.de\/?page_id=149","og_locale":"de_DE","og_type":"article","og_title":"Datenschutz - EckertKom","og_description":"Datenschutzerkl\u00e4rung Stand: 24. Juli 2024 Inhalts\u00fcbersicht Verantwortlicher Marvin EckertHornbosteler Stra\u00dfe 929308 Winsen Aller Vertretungsberechtigte Personen: Marvin Eckert E-Mail-Adresse: m.eckertkom@gmail.com Impressum: https:\/\/www.eckertkom.de\/?page_id=146 \u00dcbersicht der Verarbeitungen Die nachfolgende \u00dcbersicht fasst die Arten der verarbeiteten Daten und die Zwecke ihrer Verarbeitung zusammen und verweist auf die betroffenen Personen. Arten der verarbeiteten Daten Kategorien betroffener Personen Zwecke der VerarbeitungREAD MORE","og_url":"https:\/\/www.eckertkom.de\/?page_id=149","og_site_name":"EckertKom","article_modified_time":"2024-07-24T18:29:15+00:00","twitter_card":"summary_large_image","twitter_misc":{"Gesch\u00e4tzte Lesezeit":"28\u00a0Minuten"},"schema":{"@context":"https:\/\/schema.org","@graph":[{"@type":"WebPage","@id":"https:\/\/www.eckertkom.de\/?page_id=149","url":"https:\/\/www.eckertkom.de\/?page_id=149","name":"Datenschutz - EckertKom","isPartOf":{"@id":"https:\/\/www.eckertkom.de\/#website"},"datePublished":"2024-07-24T18:21:20+00:00","dateModified":"2024-07-24T18:29:15+00:00","breadcrumb":{"@id":"https:\/\/www.eckertkom.de\/?page_id=149#breadcrumb"},"inLanguage":"de-CH","potentialAction":[{"@type":"ReadAction","target":["https:\/\/www.eckertkom.de\/?page_id=149"]}]},{"@type":"BreadcrumbList","@id":"https:\/\/www.eckertkom.de\/?page_id=149#breadcrumb","itemListElement":[{"@type":"ListItem","position":1,"name":"Startseite","item":"https:\/\/www.eckertkom.de\/"},{"@type":"ListItem","position":2,"name":"Datenschutz"}]},{"@type":"WebSite","@id":"https:\/\/www.eckertkom.de\/#website","url":"https:\/\/www.eckertkom.de\/","name":"EckertKom","description":"IT-Dienstleistungen","potentialAction":[{"@type":"SearchAction","target":{"@type":"EntryPoint","urlTemplate":"https:\/\/www.eckertkom.de\/?s={search_term_string}"},"query-input":{"@type":"PropertyValueSpecification","valueRequired":true,"valueName":"search_term_string"}}],"inLanguage":"de-CH"}]}},"_links":{"self":[{"href":"https:\/\/www.eckertkom.de\/index.php?rest_route=\/wp\/v2\/pages\/149","targetHints":{"allow":["GET"]}}],"collection":[{"href":"https:\/\/www.eckertkom.de\/index.php?rest_route=\/wp\/v2\/pages"}],"about":[{"href":"https:\/\/www.eckertkom.de\/index.php?rest_route=\/wp\/v2\/types\/page"}],"author":[{"embeddable":true,"href":"https:\/\/www.eckertkom.de\/index.php?rest_route=\/wp\/v2\/users\/1"}],"replies":[{"embeddable":true,"href":"https:\/\/www.eckertkom.de\/index.php?rest_route=%2Fwp%2Fv2%2Fcomments&post=149"}],"version-history":[{"count":3,"href":"https:\/\/www.eckertkom.de\/index.php?rest_route=\/wp\/v2\/pages\/149\/revisions"}],"predecessor-version":[{"id":154,"href":"https:\/\/www.eckertkom.de\/index.php?rest_route=\/wp\/v2\/pages\/149\/revisions\/154"}],"wp:attachment":[{"href":"https:\/\/www.eckertkom.de\/index.php?rest_route=%2Fwp%2Fv2%2Fmedia&parent=149"}],"curies":[{"name":"wp","href":"https:\/\/api.w.org\/{rel}","templated":true}]}}